{"id":436,"date":"2016-02-13T15:22:07","date_gmt":"2016-02-13T15:22:07","guid":{"rendered":"http:\/\/www.spracheberlin.com\/nb\/?page_id=436"},"modified":"2023-04-28T16:07:01","modified_gmt":"2023-04-28T14:07:01","slug":"kenneth-proeitz","status":"publish","type":"page","link":"https:\/\/www.spracheberlin.com\/nb\/kenneth-proeitz\/","title":{"rendered":"Kenneth Pr\u00f8itz"},"content":{"rendered":"<p>Kenneth Pr\u00f8itz<br \/>\n\t\t\t\t\t\t\t\t\t\t\t\t\t\t\t\t\t\t\t\t\t\t\t\t\t\t\t\t\t\t\t\t\t\t\t\t\t\t\t\tFotograf<\/p>\n<p><!-- .container --><br \/>\n\t\t\t\t\t\t\t\t <!-- .overlay --><\/p>\n<p>Kenneth Pr\u00f8itz<br \/>\n\t\t\t\t\t\t\t\t\t\t\t\t\t\t\t\t\t\t\t\t\t\t\t\t\t\t\t\t\t\t\t\t\t\t\t\t\tNorsk fotograf som avdekker forlatte steder i Berlin, hvis ville romantiske trekk gjenoppliver den morbide sjarmen som er s\u00e5&nbsp; pregende for Berlin i tiden etter gjenforeningen.<\/p>\n<p><img decoding=\"async\" loading=\"lazy\" width=\"1024\" height=\"551\" src=\"https:\/\/www.spracheberlin.com\/wp-content\/uploads\/2015\/12\/Kenneth_p_2.jpg\" \/>\t\t\t\t<\/p>\n<p><!-- \/row --><\/p>\n<p>Kenneth Pr\u00f8itz er en norsk fotograf&nbsp;og Berlin-entusiast, oppvokst i Sarpsborg. Denne byen ligger i et av Norges eldste bosetningsomr\u00e5der, og er landets tredje eldste by. Et stort antall helleristninger gj\u00f8r denne byen til et interessant reisem\u00e5l for bes\u00f8kende, og var tidlig en inspirasjonskilde for Kenneth.V\u00e5r tids helleristninger er graffiti eller street art, og de utgj\u00f8r idag en viktig del av hans fotografiske dokumentasjoner.&nbsp;Forlatte steder &#8222;abandoned places&#8220; ut\u00f8ver en sterkt tiltrekningskraft p\u00e5 Kenneth. Som oftest drar han ut&nbsp;med venner for \u00e5 opps\u00f8ke og fotografere disse stedene. Kraften og magien som de utstr\u00e5ler, vet han p\u00e5 mesterlig vis \u00e5 fange opp. Opp&nbsp;mot forfallet stiller han en mystisk energi som gir stedene ny verdighet.<\/p>\n<p><!-- \/row --><\/p>\n<p><a href=\"http:\/\/undiscoveredberlin.de\/\"><br \/>\n\t\t\t\t\t\t\t\t\t\t\t\t\t\t\t\t\t\t\t\t\t\t\t\t\t\t\t\t\tKenneth p\u00e5 nettet\t\t\t\t\t\t\t\t\t\t\t\t\t\t\t\t\t\t\t\t\t\t\t\t\t\t\t\t\t<\/a><\/p>\n<p>Kunstnerens nettside finner du\u00a0<br \/>\n\t\t\t\t\t\t\t\t\t\t\t\t\t\t\t\t\t\t\t\t\t\t\t\t\t\t\t\t\t\t\t\t\t\t\t\t\t<a href=\"http:\/\/undiscoveredberlin.de\/\"><br \/>\n\t\t\t\t\t\t\t\t\t\t\t\t\t\ther\t\t\t\t\t\t\t\t\t\t\t\t\t<\/a><\/p>\n<p><a href=\"http:\/\/www.spracheberlin.com\/produkt-kategorie\/%20kenneth-proeitz\/\"><br \/>\n\t\t\t\t\t\t\t\t\t\t\t\t\t\t\t\t\t\t\t\t\t\t\t\t\t\t\t\t\tNettbutikk\t\t\t\t\t\t\t\t\t\t\t\t\t\t\t\t\t\t\t\t\t\t\t\t\t\t\t\t\t<\/a><\/p>\n<p>Kenneths kunst kan du se og\u00a0kj\u00f8pe<br \/>\n\t\t\t\t\t\t\t\t\t\t\t\t\t\t\t\t\t\t\t\t\t\t\t\t\t\t\t\t\t\t\t\t\t\t\t\t\t<a href=\"http:\/\/www.spracheberlin.com\/produkt-kategorie\/%20kenneth-proeitz\/\"><br \/>\n\t\t\t\t\t\t\t\t\t\t\t\t\t\ther\t\t\t\t\t\t\t\t\t\t\t\t\t<\/a><\/p>\n<p><a href=\"http:\/\/www.spracheberlin.com\/nb\/kontakt\/\"><br \/>\n\t\t\t\t\t\t\t\t\t\t\t\t\t\t\t\t\t\t\t\t\t\t\t\t\t\t\t\t\tKontakt\t\t\t\t\t\t\t\t\t\t\t\t\t\t\t\t\t\t\t\t\t\t\t\t\t\t\t\t\t<\/a><\/p>\n<p>PharoDercks spr\u00e5k &#038; kunst<br \/>\n\t\t\t\t\t\t\t\t\t\t\t\t\t\t\t\t\t\t\t\t\t\t\t\t\t\t\t\t\t\t\t\t\t\t\t\t\t<a href=\"http:\/\/www.spracheberlin.com\/nb\/kontakt\/\"><br \/>\n\t\t\t\t\t\t\t\t\t\t\t\t\t\ther\t\t\t\t\t\t\t\t\t\t\t\t\t<\/a><\/p>\n<p><!-- \/row --><\/p>\n","protected":false},"excerpt":{"rendered":"<p class=\"excerpt\">Kenneth Pr\u00f8itz Fotograf Kenneth Pr\u00f8itz Norsk fotograf som avdekker forlatte steder i Berlin, hvis ville romantiske trekk gjenoppliver den morbide sjarmen som er s\u00e5&nbsp; pregende for Berlin i tiden etter gjenforeningen. Kenneth Pr\u00f8itz er en norsk fotograf&nbsp;og Berlin-entusiast, oppvokst i Sarpsborg. Denne byen ligger i et av Norges eldste bosetningsomr\u00e5der, og er landets tredje eldste [&hellip;]<\/p>\n","protected":false},"author":1,"featured_media":1252,"parent":0,"menu_order":0,"comment_status":"closed","ping_status":"closed","template":"builder.php","meta":[],"_links":{"self":[{"href":"https:\/\/www.spracheberlin.com\/nb\/wp-json\/wp\/v2\/pages\/436"}],"collection":[{"href":"https:\/\/www.spracheberlin.com\/nb\/wp-json\/wp\/v2\/pages"}],"about":[{"href":"https:\/\/www.spracheberlin.com\/nb\/wp-json\/wp\/v2\/types\/page"}],"author":[{"embeddable":true,"href":"https:\/\/www.spracheberlin.com\/nb\/wp-json\/wp\/v2\/users\/1"}],"replies":[{"embeddable":true,"href":"https:\/\/www.spracheberlin.com\/nb\/wp-json\/wp\/v2\/comments?post=436"}],"version-history":[{"count":3,"href":"https:\/\/www.spracheberlin.com\/nb\/wp-json\/wp\/v2\/pages\/436\/revisions"}],"predecessor-version":[{"id":23165,"href":"https:\/\/www.spracheberlin.com\/nb\/wp-json\/wp\/v2\/pages\/436\/revisions\/23165"}],"wp:featuredmedia":[{"embeddable":true,"href":"https:\/\/www.spracheberlin.com\/nb\/wp-json\/wp\/v2\/media\/1252"}],"wp:attachment":[{"href":"https:\/\/www.spracheberlin.com\/nb\/wp-json\/wp\/v2\/media?parent=436"}],"curies":[{"name":"wp","href":"https:\/\/api.w.org\/{rel}","templated":true}]}}