{"id":147,"date":"2015-11-24T11:34:41","date_gmt":"2015-11-24T11:34:41","guid":{"rendered":"http:\/\/www.spracheberlin.com\/nb\/home\/"},"modified":"2023-04-28T16:07:08","modified_gmt":"2023-04-28T14:07:08","slug":"home","status":"publish","type":"page","link":"https:\/\/www.spracheberlin.com\/nb\/home\/","title":{"rendered":"Home"},"content":{"rendered":"<p>Willkommen Bienvenue Velkommen<br \/>\n\t\t\t\t\t\t\t\t\t\t\t\t\t\t\t\t\t\t\t\t\t\t\t\t\t\t\t\t\t\t\t\t\t\t\t\t\t\t\t\t&#8230;til&nbsp;PharoDercks spr\u00e5k &amp; kunst.<br \/>\n\t\t\t\t\t\t\t\t\t\t\t\t\t\t\t\t\t\t\t\t\t\t\t\t\t\t\t\t\t\t\t\t\t\t\t\t\t\t\t\t<a href=\"http:\/\/www.spracheberlin.com\/nb\/spraakskole\/\"><br \/>\n\t\t\t\t\t\t\t\t\t\t\t\t\t\t\tSpr\u00e5kskole\t\t\t\t\t\t\t\t\t\t\t\t\t\t<\/a><\/p>\n<p><!-- .container --><br \/>\n\t\t\t\t\t\t\t\t <!-- .overlay --><\/p>\n<p>Kunst<br \/>\n\t\t\t\t\t\t\t\t\t\t\t\t\t\t\t\t\t\t\t\t\t\t\t\t\t\t\t\t\t\t\t\t\t\t\t\t\t\t\t\tKunst og kunstnere fra og i Berlin danner et tyngdepunkt sammen med spr\u00e5kskolens temafelt Norge, Tyskland og Frankrike.<br \/>\n\t\t\t\t\t\t\t\t\t\t\t\t\t\t\t\t\t\t\t\t\t\t\t\t\t\t\t\t\t\t\t\t\t\t\t\t\t\t\t\t<a href=\"http:\/\/www.spracheberlin.com\/nb\/kunst\/\"><br \/>\n\t\t\t\t\t\t\t\t\t\t\t\t\t\t\tG\u00e5 videre\t\t\t\t\t\t\t\t\t\t\t\t\t\t<\/a><\/p>\n<p><!-- .container --><br \/>\n\t\t\t\t\t\t\t\t <!-- .overlay --><\/p>\n<p>Hendelser<br \/>\n\t\t\t\t\t\t\t\t\t\t\t\t\t\t\t\t\t\t\t\t\t\t\t\t\t\t\t\t\t\t\t\t\t\t\t\t\t\t\t\tInformasjon om utstillinger og andre arrangementer finner du&#8230;<br \/>\n\t\t\t\t\t\t\t\t\t\t\t\t\t\t\t\t\t\t\t\t\t\t\t\t\t\t\t\t\t\t\t\t\t\t\t\t\t\t\t\t<a href=\"http:\/\/www.spracheberlin.com\/nb\/hendelser\/\"><br \/>\n\t\t\t\t\t\t\t\t\t\t\t\t\t\t\ther\t\t\t\t\t\t\t\t\t\t\t\t\t\t<\/a><\/p>\n<p><!-- .container --><br \/>\n\t\t\t\t\t\t\t\t <!-- .overlay --><\/p>\n<p>Spr\u00e5kskole i Berlin<br \/>\n\t\t\t\t\t\t\t\t\t\t\t\t\t\t\t\t\t\t\t\t\t\tVi tilbyr spr\u00e5kkurs b\u00e5de i form av privatundervisning og i sm\u00e5 grupper p\u00e5 inntil seks personer. Vi legger vekt p\u00e5 \u00e5 tilpasse undervisningen individuelt til den enkeltes behov og \u00f8nsker. I tillegg til voksenundervisning tilbyr vi ogs\u00e5 leksehjelp og spr\u00e5kkurs for barn og ungdom.<\/p>\n<p><a href=\"https:\/\/www.spracheberlin.com\/nb\/tysk\/\"><br \/>\n\t\t\t\t\t\t\t\t\t\t\t\t\t\t\t\t\t\t\t\t\t\t\t\t\t\t\t\t\tTysk\t\t\t\t\t\t\t\t\t\t\t\t\t\t\t\t\t\t\t\t\t\t\t\t\t\t\t\t\t<\/a><\/p>\n<p>Hos oss f\u00e5r du tyskundervisning spesielt tilpasset for deg som har norsk som morsm\u00e5l.<br \/>\n\t\t\t\t\t\t\t\t\t\t\t\t\t\t\t\t\t\t\t\t\t\t\t\t\t\t\t\t\t\t\t\t\t\t\t\t\t<a href=\"https:\/\/www.spracheberlin.com\/nb\/tysk\/\"><br \/>\n\t\t\t\t\t\t\t\t\t\t\t\t\t\tVelg et kurs\t\t\t\t\t\t\t\t\t\t\t\t\t<\/a><\/p>\n<p><a href=\"http:\/\/norsk\/\"><br \/>\n\t\t\t\t\t\t\t\t\t\t\t\t\t\t\t\t\t\t\t\t\t\t\t\t\t\t\t\t\tNorwegisch\t\t\t\t\t\t\t\t\t\t\t\t\t\t\t\t\t\t\t\t\t\t\t\t\t\t\t\t\t<\/a><\/p>\n<p>Unser Norwegischunterricht wird von einem hochqualifizierten Lehrer und norwegischem Muttersprachler durchgef\u00fchrt.<br \/>\n\t\t\t\t\t\t\t\t\t\t\t\t\t\t\t\t\t\t\t\t\t\t\t\t\t\t\t\t\t\t\t\t\t\t\t\t\t<a href=\"http:\/\/norsk\/\"><br \/>\n\t\t\t\t\t\t\t\t\t\t\t\t\t\tVelg et kurs\t\t\t\t\t\t\t\t\t\t\t\t\t<\/a><\/p>\n<p><a href=\"http:\/\/fransk\/\"><br \/>\n\t\t\t\t\t\t\t\t\t\t\t\t\t\t\t\t\t\t\t\t\t\t\t\t\t\t\t\t\tFransk\t\t\t\t\t\t\t\t\t\t\t\t\t\t\t\t\t\t\t\t\t\t\t\t\t\t\t\t\t<\/a><\/p>\n<p>Hos oss f\u00e5r du franskundervisning med et s\u00e6regent preg.<br \/>\n\t\t\t\t\t\t\t\t\t\t\t\t\t\t\t\t\t\t\t\t\t\t\t\t\t\t\t\t\t\t\t\t\t\t\t\t\t<a href=\"http:\/\/fransk\/\"><br \/>\n\t\t\t\t\t\t\t\t\t\t\t\t\t\tVelg et kurs\t\t\t\t\t\t\t\t\t\t\t\t\t<\/a><\/p>\n<p><!-- \/row --><\/p>\n<p>Oversettelsestjenester<br \/>\n\t\t\t\t\t\t\t\t\t\t\t\t\t\t\t\t\t\t\t\t\t\tVi tilbyr oversettelsestjenester for et bredt spekter av tekstkategorier. Vi har&nbsp;blant annet&nbsp;lang erfaring med oversettelse av&nbsp;tekniske tekster, i s\u00e6r patentskrift.<\/p>\n<p><a href=\"http:\/\/oversettelse\/\"><br \/>\n\t\t\t\t\t\t\t\t\t\t\t\t\t\tForesp\u00f8rsel om tilbud\t\t\t\t\t\t\t\t\t\t\t\t\t<\/a><\/p>\n<p><!-- \/row --><\/p>\n<p>Galleri<br \/>\n\t\t\t\t\t\t\t\t\t\t\t\t\t\t\t\t\t\t\t\t\t\tKunst fra Berlin, om Berlin, av berlinere danner et tyngdepunkt sammen med spr\u00e5kskolens temafelt Norge, Tyskland og Frankrike. Tilbudet omfatter fotografier, tegninger, malerier i ulike formater, postkort samt b\u00f8ker, CDer, tekstiler og andre sm\u00e5 og store kunstverk. Produktene kan b\u00e5de&nbsp;kj\u00f8pes i v\u00e5rt galleri i Sch\u00f6nhauser Allee og i v\u00e5r&nbsp;nettbutikk.<\/p>\n<p><a href=\"http:\/\/www.spracheberlin.com\/nb\/kunst\/\"><br \/>\n\t\t\t\t\t\t\t\t\t\t\t\t\t\tG\u00e5 videre\t\t\t\t\t\t\t\t\t\t\t\t\t<\/a><\/p>\n<p><!-- \/row --><\/p>\n","protected":false},"excerpt":{"rendered":"<p class=\"excerpt\">Willkommen Bienvenue Velkommen &#8230;til&nbsp;PharoDercks spr\u00e5k &amp; kunst. Spr\u00e5kskole Kunst Kunst og kunstnere fra og i Berlin danner et tyngdepunkt sammen med spr\u00e5kskolens temafelt Norge, Tyskland og Frankrike. G\u00e5 videre Hendelser Informasjon om utstillinger og andre arrangementer finner du&#8230; her Spr\u00e5kskole i Berlin Vi tilbyr spr\u00e5kkurs b\u00e5de i form av privatundervisning og i sm\u00e5 grupper p\u00e5 [&hellip;]<\/p>\n","protected":false},"author":1,"featured_media":0,"parent":0,"menu_order":0,"comment_status":"closed","ping_status":"closed","template":"builder.php","meta":[],"_links":{"self":[{"href":"https:\/\/www.spracheberlin.com\/nb\/wp-json\/wp\/v2\/pages\/147"}],"collection":[{"href":"https:\/\/www.spracheberlin.com\/nb\/wp-json\/wp\/v2\/pages"}],"about":[{"href":"https:\/\/www.spracheberlin.com\/nb\/wp-json\/wp\/v2\/types\/page"}],"author":[{"embeddable":true,"href":"https:\/\/www.spracheberlin.com\/nb\/wp-json\/wp\/v2\/users\/1"}],"replies":[{"embeddable":true,"href":"https:\/\/www.spracheberlin.com\/nb\/wp-json\/wp\/v2\/comments?post=147"}],"version-history":[{"count":4,"href":"https:\/\/www.spracheberlin.com\/nb\/wp-json\/wp\/v2\/pages\/147\/revisions"}],"predecessor-version":[{"id":23183,"href":"https:\/\/www.spracheberlin.com\/nb\/wp-json\/wp\/v2\/pages\/147\/revisions\/23183"}],"wp:attachment":[{"href":"https:\/\/www.spracheberlin.com\/nb\/wp-json\/wp\/v2\/media?parent=147"}],"curies":[{"name":"wp","href":"https:\/\/api.w.org\/{rel}","templated":true}]}}