{"id":16006,"date":"2019-08-10T13:47:31","date_gmt":"2019-08-10T11:47:31","guid":{"rendered":"https:\/\/www.spracheberlin.com\/les-professeurs\/"},"modified":"2019-08-10T14:09:33","modified_gmt":"2019-08-10T12:09:33","slug":"les-professeurs","status":"publish","type":"page","link":"https:\/\/www.spracheberlin.com\/fr\/les-professeurs\/","title":{"rendered":"les professeurs"},"content":{"rendered":"<p>les professeurs<\/p>\n<p><a href=\"https:\/\/www.spracheberlin.com\/bjoerg-hellum\/\"><br \/>\n<img decoding=\"async\" loading=\"lazy\" src=\"https:\/\/www.spracheberlin.com\/wp-content\/uploads\/2018\/11\/JET_FOTO-smil-Sep-2018-1.jpeg\" width=\"222\" height=\"320\"> <\/a><\/p>\n<p><a href=\"https:\/\/www.spracheberlin.com\/bjoerg-hellum\/\"><br \/>\nBj\u00f8rg Hellum <\/a><\/p>\n<p>professeure d&rsquo;anglais<br \/>\n<a href=\"https:\/\/www.spracheberlin.com\/bjoerg-hellum\/\"><br \/>\nEn savoir plus sur Bj\u00f8rg <\/a><\/p>\n<p><a href=\"https:\/\/www.spracheberlin.com\/torkjell-pharo-dercks\/\"><br \/>\n<img decoding=\"async\" loading=\"lazy\" src=\"https:\/\/www.spracheberlin.com\/wp-content\/uploads\/2019\/07\/torkjellsmaller.jpg\" width=\"222\" height=\"320\"> <\/a><\/p>\n<p><a href=\"https:\/\/www.spracheberlin.com\/torkjell-pharo-dercks\/\"><br \/>\nEn savoir plus sur Torkjell Pharo-Dercks <\/a><\/p>\n<p>professeur d&rsquo;allemand, anglais, fran\u00e7ais et norv\u00e9gien<br \/>\n<a href=\"https:\/\/www.spracheberlin.com\/torkjell-pharo-dercks\/\"><br \/>\nEn savoir plus sur Torkjell <\/a><\/p>\n<p><!-- \/row --><\/p>\n","protected":false},"excerpt":{"rendered":"<p class=\"excerpt\">les professeurs Bj\u00f8rg Hellum professeure d&rsquo;anglais En savoir plus sur Bj\u00f8rg En savoir plus sur Torkjell Pharo-Dercks professeur d&rsquo;allemand, anglais, fran\u00e7ais et norv\u00e9gien En savoir plus sur Torkjell<\/p>\n","protected":false},"author":3,"featured_media":0,"parent":0,"menu_order":0,"comment_status":"closed","ping_status":"closed","template":"builder.php","meta":[],"_links":{"self":[{"href":"https:\/\/www.spracheberlin.com\/fr\/wp-json\/wp\/v2\/pages\/16006"}],"collection":[{"href":"https:\/\/www.spracheberlin.com\/fr\/wp-json\/wp\/v2\/pages"}],"about":[{"href":"https:\/\/www.spracheberlin.com\/fr\/wp-json\/wp\/v2\/types\/page"}],"author":[{"embeddable":true,"href":"https:\/\/www.spracheberlin.com\/fr\/wp-json\/wp\/v2\/users\/3"}],"replies":[{"embeddable":true,"href":"https:\/\/www.spracheberlin.com\/fr\/wp-json\/wp\/v2\/comments?post=16006"}],"version-history":[{"count":4,"href":"https:\/\/www.spracheberlin.com\/fr\/wp-json\/wp\/v2\/pages\/16006\/revisions"}],"predecessor-version":[{"id":16013,"href":"https:\/\/www.spracheberlin.com\/fr\/wp-json\/wp\/v2\/pages\/16006\/revisions\/16013"}],"wp:attachment":[{"href":"https:\/\/www.spracheberlin.com\/fr\/wp-json\/wp\/v2\/media?parent=16006"}],"curies":[{"name":"wp","href":"https:\/\/api.w.org\/{rel}","templated":true}]}}